{"id":2595,"date":"2022-07-30T13:55:15","date_gmt":"2022-07-30T20:55:15","guid":{"rendered":"https:\/\/www.cfmta.org\/fr\/?page_id=2595"},"modified":"2025-08-08T15:28:38","modified_gmt":"2025-08-08T22:28:38","slug":"connecter-le-canada-toute-lannee","status":"publish","type":"page","link":"https:\/\/www.cfmta.org\/fr\/connecter-le-canada-toute-lannee\/","title":{"rendered":"Connectons le Canada toute l&#8217;ann\u00e9e"},"content":{"rendered":"<div id=\"pl-2595\"  class=\"panel-layout\" ><div id=\"pg-2595-0\"  class=\"panel-grid panel-no-style\" ><div id=\"pgc-2595-0-0\"  class=\"panel-grid-cell panel-grid-cell-empty\" ><\/div><div id=\"pgc-2595-0-1\"  class=\"panel-grid-cell panel-grid-cell-mobile-last\" ><div id=\"panel-2595-0-1-0\" class=\"so-panel widget widget_sow-editor panel-first-child panel-last-child\" data-index=\"0\" ><div\n\t\t\t\n\t\t\tclass=\"so-widget-sow-editor so-widget-sow-editor-base\"\n\t\t\t\n\t\t>\n<div class=\"siteorigin-widget-tinymce textwidget\">\n\t<p><img loading=\"lazy\" decoding=\"async\" class=\"aligncenter wp-image-2596\" src=\"https:\/\/www.cfmta.org\/fr\/wp-content\/uploads\/2022\/07\/cc-yr-500x325-1-300x195.png\" alt=\"\" width=\"400\" height=\"260\" srcset=\"https:\/\/www.cfmta.org\/fr\/wp-content\/uploads\/2022\/07\/cc-yr-500x325-1-300x195.png 300w, https:\/\/www.cfmta.org\/fr\/wp-content\/uploads\/2022\/07\/cc-yr-500x325-1.png 500w\" sizes=\"auto, (max-width: 400px) 100vw, 400px\" \/><\/p>\n<\/div>\n<\/div><\/div><\/div><div id=\"pgc-2595-0-2\"  class=\"panel-grid-cell panel-grid-cell-empty\" ><\/div><\/div><div id=\"pg-2595-1\"  class=\"panel-grid panel-no-style\" ><div id=\"pgc-2595-1-0\"  class=\"panel-grid-cell panel-grid-cell-empty\" ><\/div><div id=\"pgc-2595-1-1\"  class=\"panel-grid-cell\" ><div id=\"panel-2595-1-1-0\" class=\"so-panel widget widget_sow-editor panel-first-child panel-last-child\" data-index=\"1\" ><div\n\t\t\t\n\t\t\tclass=\"so-widget-sow-editor so-widget-sow-editor-base\"\n\t\t\t\n\t\t>\n<div class=\"siteorigin-widget-tinymce textwidget\">\n\t<p>&nbsp;<\/p>\n<p><strong>Du perfectionnement professionnel tout \u00e0 fait gratuit pour tous les membres!<\/strong><\/p>\n<p>Prenez part toute l\u2019ann\u00e9e aux ateliers de perfectionnement professionnel organis\u00e9s par la FCAPM, des rencontres virtuelles de 50 minutes anim\u00e9es par et pour les membres. Chaque discussion traitera d\u2019un sujet relatif \u00e0 la p\u00e9dagogie ou \u00e0 l\u2019exploitation d\u2019un studio de musique. Les pr\u00e9sentateurs invit\u00e9s transmettront leur savoir, leur exp\u00e9rience et leurs astuces, et les participants pourront intervenir \u00e0 leur tour avec leurs id\u00e9es et questions.<br \/>\nLes participants, qui seront au maximum de 100, auront l\u2019option d\u2019activer leurs cam\u00e9ras ou non.<\/p>\n<p>&nbsp;<\/p>\n<p>&nbsp;<\/p>\n<\/div>\n<\/div><\/div><\/div><div id=\"pgc-2595-1-2\"  class=\"panel-grid-cell panel-grid-cell-mobile-last\" ><div id=\"panel-2595-1-2-0\" class=\"so-panel widget widget_sow-editor panel-first-child panel-last-child\" data-index=\"2\" ><div\n\t\t\t\n\t\t\tclass=\"so-widget-sow-editor so-widget-sow-editor-base\"\n\t\t\t\n\t\t>\n<div class=\"siteorigin-widget-tinymce textwidget\">\n\t<p><strong>Heure :\u00a0<\/strong><\/p>\n<ul>\n<li>9\u00ad\u061c\u200c\u200c\u200c h (heure avanc\u00e9e du Pacifique<\/li>\n<li>10\u00ad\u061c\u200c\u200c\u200c h (heure avanc\u00e9e des Rocheuses)<\/li>\n<li>11\u00ad\u061c\u200c\u200c\u200c h (heure avanc\u00e9e du Centre)<\/li>\n<li>12\u00ad\u061c\u200c\u200c\u200c h (heure avanc\u00e9e de l\u2019Est)<\/li>\n<li>13\u00ad\u061c\u200c\u200c\u200c h (heure avanc\u00e9e de l\u2019Atlantique)<\/li>\n<li>13\u00ad\u061c\u200c\u200c\u200c h\u00ad\u061c\u200c\u200c\u200c\u00ad\u061c\u200c\u200c\u200c 30 \u00ad\u061c(heure avanc\u00e9e de Terre-Neuve).<\/li>\n<\/ul>\n<p><strong>Dates des prochaines s\u00e9ances :<\/strong><\/p>\n<ul>\n<li>ao\u00fbt 21<\/li>\n<li>septembre 18<\/li>\n<li>octobre 23<\/li>\n<li>novembre 20<\/li>\n<li>d\u00e9cembre - pas de s\u00e9ance<\/li>\n<\/ul>\n<\/div>\n<\/div><\/div><\/div><div id=\"pgc-2595-1-3\"  class=\"panel-grid-cell panel-grid-cell-empty\" ><\/div><\/div><div id=\"pg-2595-2\"  class=\"panel-grid panel-no-style\" ><div id=\"pgc-2595-2-0\"  class=\"panel-grid-cell\" ><div id=\"panel-2595-2-0-0\" class=\"so-panel widget widget_sow-editor panel-first-child panel-last-child\" data-index=\"3\" ><div\n\t\t\t\n\t\t\tclass=\"so-widget-sow-editor so-widget-sow-editor-base\"\n\t\t\t\n\t\t>\n<div class=\"siteorigin-widget-tinymce textwidget\">\n\t<h5 style=\"text-align: center;\">Membres - veuillez noter que le lien de la r\u00e9union Zoom se trouve maintenant sous la page r\u00e9serv\u00e9e aux membres - <a href=\"https:\/\/www.cfmta.org\/fr\/ressources-pour-les-membres\/\" target=\"_blank\" rel=\"noopener\"><strong>Cliquez ici<\/strong><\/a><\/h5>\n<h5 style=\"text-align: center;\">Ceci est une page prot\u00e9g\u00e9e par mot de passe - le mot de passe est inclus dans Of Note<\/h5>\n<\/div>\n<\/div><\/div><\/div><\/div><\/div>","protected":false},"excerpt":{"rendered":"<p>&nbsp; Du perfectionnement professionnel tout \u00e0 fait gratuit pour tous les membres! Prenez part toute l\u2019ann\u00e9e aux ateliers de perfectionnement professionnel organis\u00e9s par la FCAPM, des rencontres virtuelles de 50 minutes anim\u00e9es par et pour les membres. Chaque discussion traitera &hellip; <a class=\"kt-excerpt-readmore\" href=\"https:\/\/www.cfmta.org\/fr\/connecter-le-canada-toute-lannee\/\" aria-label=\"Connectons le Canada toute l&#8217;ann\u00e9e\">Read More<\/a><\/p>\n","protected":false},"author":2,"featured_media":0,"parent":0,"menu_order":0,"comment_status":"closed","ping_status":"closed","template":"page-fullwidth.php","meta":{"kt_blocks_editor_width":"","footnotes":""},"class_list":["post-2595","page","type-page","status-publish","hentry"],"_links":{"self":[{"href":"https:\/\/www.cfmta.org\/fr\/wp-json\/wp\/v2\/pages\/2595","targetHints":{"allow":["GET"]}}],"collection":[{"href":"https:\/\/www.cfmta.org\/fr\/wp-json\/wp\/v2\/pages"}],"about":[{"href":"https:\/\/www.cfmta.org\/fr\/wp-json\/wp\/v2\/types\/page"}],"author":[{"embeddable":true,"href":"https:\/\/www.cfmta.org\/fr\/wp-json\/wp\/v2\/users\/2"}],"replies":[{"embeddable":true,"href":"https:\/\/www.cfmta.org\/fr\/wp-json\/wp\/v2\/comments?post=2595"}],"version-history":[{"count":27,"href":"https:\/\/www.cfmta.org\/fr\/wp-json\/wp\/v2\/pages\/2595\/revisions"}],"predecessor-version":[{"id":3397,"href":"https:\/\/www.cfmta.org\/fr\/wp-json\/wp\/v2\/pages\/2595\/revisions\/3397"}],"wp:attachment":[{"href":"https:\/\/www.cfmta.org\/fr\/wp-json\/wp\/v2\/media?parent=2595"}],"curies":[{"name":"wp","href":"https:\/\/api.w.org\/{rel}","templated":true}]}}